{"id":33,"date":"2021-04-29T19:34:53","date_gmt":"2021-04-29T17:34:53","guid":{"rendered":"http:\/\/neu.glemmerhof.at\/?page_id=33"},"modified":"2025-07-14T13:13:28","modified_gmt":"2025-07-14T11:13:28","slug":"camping","status":"publish","type":"page","link":"https:\/\/glemmerhof.at\/?page_id=33","title":{"rendered":"Camping"},"content":{"rendered":"<div id=\"main\">\n<p>Unser Campingplatz verf\u00fcgt \u00fcber ca. 30 Stellpl\u00e4tze f\u00fcr Sommer und Winter.<br \/>\nWir liegen direkt, an der Nachts wenig befahrenen Glemmtaler Landesstra\u00dfe.<br \/>\nEntlang des Campingplatzes verl\u00e4uft eine 2016 neu errichtete L\u00e4rmschutzwand.<br \/>\nEigene Trockenr\u00e4ume f\u00fcr Schibekleidung und Schuhe, sowie ein mit Zugangscode abgesperrter Skiraum stehen kostenlos zur Verf\u00fcgung.<br \/>\nWarmwasser ist bei uns auch f\u00fcr die Dusche im Preis inbegriffen. Des weiteren stehen eine Waschmaschine und ein W\u00e4schetrockner (gegen Geb\u00fchr) zur Verf\u00fcgung.<\/p>\n<p>Reservierungen im Sommer sind nur f\u00fcr mindestens 5 N\u00e4chte m\u00f6glich.<\/p>\n<p>Die Anzahlung f\u00fcr eine Platzreservierung betr\u00e4gt \u20ac 200,- (wird r\u00fcckverg\u00fctet).<\/p>\n<p>Stromz\u00e4hler sind f\u00fcr alle Stellpl\u00e4tze vorhanden, t\u00e4gliche Belieferung mit frischen Backwaren, Eiern, Milch, Fl\u00fcssiggas usw. ist unser Service f\u00fcr Ihren angenehmen Urlaub.<br \/>\nIm Winter ist ein Gratis Schibus ab dem Platz eingerichtet, Schneeservice.<br \/>\nIm Sommer erm\u00f6glicht die G\u00e4stemobilit\u00e4t kostenlose Busfahrten f\u00fcr unsere G\u00e4ste. NEU ab Sommer 2023 &#8211; die Sommercard &#8211; alle Infos unter <a href=\"http:\/\/www.viehhofen.at\">http:\/\/www.viehhofen.at<\/a><br \/>\nWir bieten unseren G\u00e4sten auch ein Radtaxi an, f\u00fcr einen kleinen Umkostenbeitrag bis nach Saalbach oder Hinterglemm &#8211;\u00a0 nur mit Reservierung.<\/p>\n<p><strong>Rezeptions\u00f6ffnungszeiten:<\/strong> T\u00e4glich von 8.00 &#8211; 20.00 Uhr<br \/>\n<strong>Check in:<\/strong> ab 12.00 Uhr<br \/>\n<strong>Check out:<\/strong> bis 12.00 Uhr<\/p>\n<p><a href=\"http:\/\/neu.glemmerhof.at\/bilder-campingplatz\/\">Bilder Campingplatz<\/a><\/p>\n<p><a href=\"https:\/\/glemmerhof.at\/preise-campingplatz\/\">Preise Campingplatz<\/a><\/p>\n<h2>Stornobedingungen<\/h2>\n<p>Bis 3 Monate vor Anreise \u2013 keine Stornogeb\u00fchren<br \/>\n3 Monate bis 1 Monat vor Anreise \u2013 40% des Gesamtpreises<br \/>\n1 Monat bis 1 Woche vor Anreise \u2013 70% des Gesamtpreises<br \/>\nIn der letzten Woche vor Anreise \u2013 90% des Gesamtpreises<\/p>\n<p><a href=\"https:\/\/glemmerhof.at\/wp-content\/uploads\/2022\/05\/AGBH_deutsch.pdf\">\u00d6sterreichische Hotelvertragsbedingungen Download<\/a><\/p>\n<\/div>\n","protected":false},"excerpt":{"rendered":"<p>Unser Campingplatz verf\u00fcgt \u00fcber ca. 30 Stellpl\u00e4tze f\u00fcr Sommer und Winter. Wir liegen direkt, an der Nachts wenig befahrenen Glemmtaler Landesstra\u00dfe. Entlang des Campingplatzes verl\u00e4uft eine 2016 neu errichtete L\u00e4rmschutzwand. Eigene Trockenr\u00e4ume f\u00fcr Schibekleidung und Schuhe, sowie ein mit Zugangscode abgesperrter Skiraum stehen kostenlos zur Verf\u00fcgung. Warmwasser ist bei uns auch f\u00fcr die Dusche im &hellip; <\/p>\n<p class=\"link-more\"><a href=\"https:\/\/glemmerhof.at\/?page_id=33\" class=\"more-link\"><span class=\"screen-reader-text\">\u201eCamping\u201c <\/span>weiterlesen<\/a><\/p>\n","protected":false},"author":1,"featured_media":148,"parent":0,"menu_order":0,"comment_status":"closed","ping_status":"closed","template":"","meta":{"footnotes":""},"class_list":["post-33","page","type-page","status-publish","has-post-thumbnail","hentry"],"_links":{"self":[{"href":"https:\/\/glemmerhof.at\/index.php?rest_route=\/wp\/v2\/pages\/33","targetHints":{"allow":["GET"]}}],"collection":[{"href":"https:\/\/glemmerhof.at\/index.php?rest_route=\/wp\/v2\/pages"}],"about":[{"href":"https:\/\/glemmerhof.at\/index.php?rest_route=\/wp\/v2\/types\/page"}],"author":[{"embeddable":true,"href":"https:\/\/glemmerhof.at\/index.php?rest_route=\/wp\/v2\/users\/1"}],"replies":[{"embeddable":true,"href":"https:\/\/glemmerhof.at\/index.php?rest_route=%2Fwp%2Fv2%2Fcomments&post=33"}],"version-history":[{"count":54,"href":"https:\/\/glemmerhof.at\/index.php?rest_route=\/wp\/v2\/pages\/33\/revisions"}],"predecessor-version":[{"id":781,"href":"https:\/\/glemmerhof.at\/index.php?rest_route=\/wp\/v2\/pages\/33\/revisions\/781"}],"wp:featuredmedia":[{"embeddable":true,"href":"https:\/\/glemmerhof.at\/index.php?rest_route=\/wp\/v2\/media\/148"}],"wp:attachment":[{"href":"https:\/\/glemmerhof.at\/index.php?rest_route=%2Fwp%2Fv2%2Fmedia&parent=33"}],"curies":[{"name":"wp","href":"https:\/\/api.w.org\/{rel}","templated":true}]}}